{"id":6759,"date":"2011-07-11T18:38:25","date_gmt":"2011-07-11T21:38:25","guid":{"rendered":"https:\/\/manos-verdes.org\/veranstaltungen\/"},"modified":"2021-07-18T21:50:21","modified_gmt":"2021-07-19T00:50:21","slug":"veranstaltungen","status":"publish","type":"page","link":"https:\/\/manos-verdes.org\/de\/blog\/veranstaltungen\/","title":{"rendered":"Veranstaltungen"},"content":{"rendered":"<div class=\"wpb-content-wrapper\"><p>[vc_row][vc_column]<div class=\"zozo-event-grid-wrapper event-columns-3\"><div class=\"row event-grid-inner\"><div class=\"event-item  col-md-4 col-sm-6 col-xs-12\"><div class=\"event-item-img\"><a href=\"https:\/\/manos-verdes.org\/wp-content\/uploads\/2025-11-26_ClimateTalk_Augsburg-1.jpg\" data-rel=\"prettyPhoto[gallery1]\" class=\"event-img-link\" title=\"26\/11 &#8211; Veranstaltung: Klima, Kultur und Kreislaufwirtschaft &#8211; 15 Jahre Manos Verdes\"><img loading=\"lazy\" decoding=\"async\" class=\"img-responsive\" src=\"https:\/\/manos-verdes.org\/wp-content\/uploads\/2025-11-26_ClimateTalk_Augsburg-1.jpg\" width=\"829\" height=\"695\" alt=\"26\/11 &#8211; Veranstaltung: Klima, Kultur und Kreislaufwirtschaft &#8211; 15 Jahre Manos Verdes\" \/><\/a><\/div><div class=\"event-content-wrapper\"><h4 class=\"grid-event-title\"><a href=\"https:\/\/manos-verdes.org\/de\/event\/26-11-veranstaltung-klima-kultur-und-kreislaufwirtschaft-15-jahre-manos-verdes\/\" title=\"26\/11 &#8211; Veranstaltung: Klima, Kultur und Kreislaufwirtschaft &#8211; 15 Jahre Manos Verdes\">26\/11 &#8211; Veranstaltung: Klima, Kultur und Kreislaufwirtschaft &#8211; 15 Jahre Manos Verdes<\/a><\/h4><div class=\"event-short-description\"><h6 class=\"organiser-name\">Manos Verdes Deutschland e.V., <span class=\"organiser-designation\">Umweltbildungszentrum Augsburg<\/span><\/h6><\/div><h5 class=\"grid-event-date\"><span class=\"event-date\"> <i class=\"fa fa-calendar\"><\/i> Mi\u00e9 26 Nov 2025<\/span><span class=\"event-time\"> <i class=\"fa fa-clock-o\"><\/i> 18:30 - 21:00 Uhr<\/span> <\/h5><div class=\"grid-event-excerpts\"><p>Einladung zur Veranstaltung \"Climate Talks 2025: Klima, Kultur und Kreislaufwirtschaft.\"\r\n\r\nWir analysieren die Ergebnisse der Klimakonferenz<\/p><\/div><div class=\"grid-event-button\"><a target=\"_blank\" href=\"https:\/\/bit.ly\/4o1HJjV\" class=\"btn btn-more\" title=\"26\/11 &#8211; Veranstaltung: Klima, Kultur und Kreislaufwirtschaft &#8211; 15 Jahre Manos Verdes\">Anmeldung hier<\/a><\/div><\/div><\/div><div class=\"event-item  col-md-4 col-sm-6 col-xs-12\"><div class=\"event-item-img\"><a href=\"https:\/\/manos-verdes.org\/wp-content\/uploads\/Climate-Talk-2025-THA-FB-Events.jpg\" data-rel=\"prettyPhoto[gallery1]\" class=\"event-img-link\" title=\"26\/11 &#8211; Climate Talk 2025 &#8211; Technische Hochschule Augsburg\"><img loading=\"lazy\" decoding=\"async\" class=\"img-responsive\" src=\"https:\/\/manos-verdes.org\/wp-content\/uploads\/Climate-Talk-2025-THA-FB-Events.jpg\" width=\"1000\" height=\"563\" alt=\"26\/11 &#8211; Climate Talk 2025 &#8211; Technische Hochschule Augsburg\" \/><\/a><\/div><div class=\"event-content-wrapper\"><h4 class=\"grid-event-title\"><a href=\"https:\/\/manos-verdes.org\/de\/event\/26-11-climate-talk-2025-technische-hochschule-augsburg\/\" title=\"26\/11 &#8211; Climate Talk 2025 &#8211; Technische Hochschule Augsburg\">26\/11 &#8211; Climate Talk 2025 &#8211; Technische Hochschule Augsburg<\/a><\/h4><div class=\"event-short-description\"><h6 class=\"organiser-name\">Technische Hochschule Augsburg , <span class=\"organiser-designation\">Manos Verdes Deutschland e.V.<\/span><\/h6><\/div><h5 class=\"grid-event-date\"><span class=\"event-date\"> <i class=\"fa fa-calendar\"><\/i> Mi\u00e9 26 Nov 2025<\/span><span class=\"event-time\"> <i class=\"fa fa-clock-o\"><\/i> 09:50 - 15:00 Uhr<\/span> <\/h5><div class=\"grid-event-excerpts\"><p>Im Rahmen der Public Climate School Week 2025 und im Nachgang zur #COP30 besch\u00e4ftigen sich<\/p><\/div><div class=\"grid-event-button\"><a target=\"_blank\" href=\"https:\/\/www.tha.de\/THA-klima\/Climate-Talk-zur-COP30.html\" class=\"btn btn-more\" title=\"26\/11 &#8211; Climate Talk 2025 &#8211; Technische Hochschule Augsburg\">Mehr Informationen<\/a><\/div><\/div><\/div><div class=\"event-item  col-md-4 col-sm-6 col-xs-12\"><div class=\"event-item-img\"><a href=\"https:\/\/manos-verdes.org\/wp-content\/uploads\/AugsburgerEuropaWochen_2025.jpeg\" data-rel=\"prettyPhoto[gallery1]\" class=\"event-img-link\" title=\"21\/05 &#8211; &#8222;Westhouse Talk Argentinien&#8220; mit Augsburg International e.V.\"><img loading=\"lazy\" decoding=\"async\" class=\"img-responsive\" src=\"https:\/\/manos-verdes.org\/wp-content\/uploads\/AugsburgerEuropaWochen_2025-951x695.jpeg\" width=\"951\" height=\"695\" alt=\"21\/05 &#8211; &#8222;Westhouse Talk Argentinien&#8220; mit Augsburg International e.V.\" \/><\/a><\/div><div class=\"event-content-wrapper\"><h4 class=\"grid-event-title\"><a href=\"https:\/\/manos-verdes.org\/de\/event\/20-05-augsburger-europa-wochen-westhouse-talk-mit-augsburg-international\/\" title=\"21\/05 &#8211; &#8222;Westhouse Talk Argentinien&#8220; mit Augsburg International e.V.\">21\/05 &#8211; &#8222;Westhouse Talk Argentinien&#8220; mit Augsburg International e.V.<\/a><\/h4><div class=\"event-short-description\"><h6 class=\"organiser-name\">Augsburg International e.V., <span class=\"organiser-designation\">Manos Verdes Deutschland e.V.<\/span><\/h6><\/div><h5 class=\"grid-event-date\"><span class=\"event-date\"> <i class=\"fa fa-calendar\"><\/i> Mi, 21. Mai 2025<\/span><span class=\"event-time\"> <i class=\"fa fa-clock-o\"><\/i> 19 Uhr<\/span> <\/h5><div class=\"grid-event-excerpts\"><p>In einem lockeren Westhousetalk schildern Verena B\u00f6hme und Andr\u00e9s Steinh\u00e4user ihre Wahrnehmung von der aktuellen<\/p><\/div><\/div><\/div><div class=\"event-item  col-md-4 col-sm-6 col-xs-12\"><div class=\"event-item-img\"><a href=\"https:\/\/manos-verdes.org\/wp-content\/uploads\/Globale-Vernetzung-gemeinsame-Verantwortung-Unser-Beitrag-zum-Klimaschutz.-Ein-Blick-auf-den-globalen-Suden.-Vortrag-Musik-aus-Argentinien.1.jpg\" data-rel=\"prettyPhoto[gallery1]\" class=\"event-img-link\" title=\"20\/05 &#8211; Climate Talks &#038; Music &#8211; FAU N\u00fcrnberg\"><img loading=\"lazy\" decoding=\"async\" class=\"img-responsive\" src=\"https:\/\/manos-verdes.org\/wp-content\/uploads\/Globale-Vernetzung-gemeinsame-Verantwortung-Unser-Beitrag-zum-Klimaschutz.-Ein-Blick-auf-den-globalen-Suden.-Vortrag-Musik-aus-Argentinien.1-940x695.jpg\" width=\"940\" height=\"695\" alt=\"20\/05 &#8211; Climate Talks &#038; Music &#8211; FAU N\u00fcrnberg\" \/><\/a><\/div><div class=\"event-content-wrapper\"><h4 class=\"grid-event-title\"><a href=\"https:\/\/manos-verdes.org\/de\/event\/20-05-climate-talks-music-fau-nuernberg\/\" title=\"20\/05 &#8211; Climate Talks &#038; Music &#8211; FAU N\u00fcrnberg\">20\/05 &#8211; Climate Talks &#038; Music &#8211; FAU N\u00fcrnberg<\/a><\/h4><div class=\"event-short-description\"><h6 class=\"organiser-name\">FAU, <span class=\"organiser-designation\">Manos Verdes Deutschland e.V.<\/span><\/h6><\/div><h5 class=\"grid-event-date\"><span class=\"event-date\"> <i class=\"fa fa-calendar\"><\/i> Di 20. Mai 2025<\/span><span class=\"event-time\"> <i class=\"fa fa-clock-o\"><\/i> 16:45 - 18:15 Uhr<\/span> <\/h5><div class=\"grid-event-excerpts\"><p>Wir freuen uns gemeinsam mit der Fachschaft \"Corporate Sustainability Management\" im Rahmen des Monats der<\/p><\/div><div class=\"grid-event-button\"><a target=\"_blank\" href=\"https:\/\/bit.ly\/4dkI9hy\" class=\"btn btn-more\" title=\"20\/05 &#8211; Climate Talks &#038; Music &#8211; FAU N\u00fcrnberg\">Anmeldung hier<\/a><\/div><\/div><\/div><div class=\"event-item  col-md-4 col-sm-6 col-xs-12\"><div class=\"event-item-img\"><a href=\"https:\/\/manos-verdes.org\/wp-content\/uploads\/Einladung-19.5.2025-Climate-Talk-Munchen-1920-x-1080-px2.jpg\" data-rel=\"prettyPhoto[gallery1]\" class=\"event-img-link\" title=\"19\/05 &#8211; Climate Talks 2025 &#8211; Seidlvilla e.V. in M\u00fcnchen-Schwabing\"><img loading=\"lazy\" decoding=\"async\" class=\"img-responsive\" src=\"https:\/\/manos-verdes.org\/wp-content\/uploads\/Einladung-19.5.2025-Climate-Talk-Munchen-1920-x-1080-px2-1000x695.jpg\" width=\"1000\" height=\"695\" alt=\"19\/05 &#8211; Climate Talks 2025 &#8211; Seidlvilla e.V. in M\u00fcnchen-Schwabing\" \/><\/a><\/div><div class=\"event-content-wrapper\"><h4 class=\"grid-event-title\"><a href=\"https:\/\/manos-verdes.org\/de\/event\/19-5-climate-talks-2025-in-muenchen\/\" title=\"19\/05 &#8211; Climate Talks 2025 &#8211; Seidlvilla e.V. in M\u00fcnchen-Schwabing\">19\/05 &#8211; Climate Talks 2025 &#8211; Seidlvilla e.V. in M\u00fcnchen-Schwabing<\/a><\/h4><div class=\"event-short-description\"><h6 class=\"organiser-name\">Manos Verdes Deutschland e.V., <\/div><h5 class=\"grid-event-date\"><span class=\"event-date\"> <i class=\"fa fa-calendar\"><\/i> Mo 19 Mai 2025<\/span><span class=\"event-time\"> <i class=\"fa fa-clock-o\"><\/i> 19 Uhr<\/span> <\/h5><div class=\"grid-event-excerpts\"><p>Climate Talks 2025: Globale Vernetzung, gemeinsame Verantwortung:\u00a0Klimaschutz aus verschiedenen Blickwinkeln S\u00fcdamerikas.<\/p><\/div><div class=\"grid-event-button\"><a target=\"_blank\" href=\"https:\/\/bit.ly\/4lQmHVu\" class=\"btn btn-more\" title=\"19\/05 &#8211; Climate Talks 2025 &#8211; Seidlvilla e.V. in M\u00fcnchen-Schwabing\">Anmeldung hier<\/a><\/div><\/div><\/div><div class=\"event-item  col-md-4 col-sm-6 col-xs-12\"><div class=\"event-item-img\"><a href=\"https:\/\/manos-verdes.org\/wp-content\/uploads\/ClimateTalk-HSA-2024.png\" data-rel=\"prettyPhoto[gallery1]\" class=\"event-img-link\" title=\"19.12.2024 &#8211; Climate Talk 2024 an der Hochschule Augsburg\"><img loading=\"lazy\" decoding=\"async\" class=\"img-responsive\" src=\"https:\/\/manos-verdes.org\/wp-content\/uploads\/ClimateTalk-HSA-2024.png\" width=\"828\" height=\"592\" alt=\"19.12.2024 &#8211; Climate Talk 2024 an der Hochschule Augsburg\" \/><\/a><\/div><div class=\"event-content-wrapper\"><h4 class=\"grid-event-title\"><a href=\"https:\/\/manos-verdes.org\/de\/event\/19-12-climate-talk-2024-an-der-hochschule-augsburg\/\" title=\"19.12.2024 &#8211; Climate Talk 2024 an der Hochschule Augsburg\">19.12.2024 &#8211; Climate Talk 2024 an der Hochschule Augsburg<\/a><\/h4><div class=\"event-short-description\"><h6 class=\"organiser-name\">Hochschule Augsburg, <span class=\"organiser-designation\">Manos Verdes Deutschland e.V. <\/span><\/h6><\/div><h5 class=\"grid-event-date\"><span class=\"event-date\"> <i class=\"fa fa-calendar\"><\/i> Jue 19 Dic 2024<\/span><span class=\"event-time\"> <i class=\"fa fa-clock-o\"><\/i> 09:00 - 13:10 hs<\/span> <\/h5><div class=\"grid-event-excerpts\"><p>Was sind die Ergebnisse der Klimakonferenz COP29 in Baku und wie steht es wirklich in<\/p><\/div><\/div><\/div><div class=\"event-item  col-md-4 col-sm-6 col-xs-12\"><div class=\"event-item-img\"><a href=\"https:\/\/manos-verdes.org\/wp-content\/uploads\/16.12.2024-210-x-297-px1.png\" data-rel=\"prettyPhoto[gallery1]\" class=\"event-img-link\" title=\"16.12.2024 &#8211; Climate Talk: Von der Klimakrise in die Klimaaktion\"><img loading=\"lazy\" decoding=\"async\" class=\"img-responsive\" src=\"https:\/\/manos-verdes.org\/wp-content\/uploads\/16.12.2024-210-x-297-px1-1000x500.png\" width=\"1000\" height=\"500\" alt=\"16.12.2024 &#8211; Climate Talk: Von der Klimakrise in die Klimaaktion\" \/><\/a><\/div><div class=\"event-content-wrapper\"><h4 class=\"grid-event-title\"><a href=\"https:\/\/manos-verdes.org\/de\/event\/16-12-2024-climate-talk-von-der-klimakrise-in-die-klimaaktion\/\" title=\"16.12.2024 &#8211; Climate Talk: Von der Klimakrise in die Klimaaktion\">16.12.2024 &#8211; Climate Talk: Von der Klimakrise in die Klimaaktion<\/a><\/h4><div class=\"event-short-description\"><h6 class=\"organiser-name\">Manos Verdes Deutschland e.V., <span class=\"organiser-designation\">DIEZ<\/span><\/h6><\/div><h5 class=\"grid-event-date\"><span class=\"event-date\"> <i class=\"fa fa-calendar\"><\/i> Mo 16 Dic 2024<\/span><span class=\"event-time\"> <i class=\"fa fa-clock-o\"><\/i> 19:00 hs CET<\/span> <\/h5><div class=\"grid-event-excerpts\"><p>Wir laden ein zum Vortrag von Verena B\u00f6hme, Vorsitzende der Manos Verdes Organisation zum Thema<\/p><\/div><div class=\"grid-event-button\"><a target=\"_blank\" href=\"https:\/\/forms.gle\/HK5uF8hDTrJWvPzg9\" class=\"btn btn-more\" title=\"16.12.2024 &#8211; Climate Talk: Von der Klimakrise in die Klimaaktion\">Anmeldung hier<\/a><\/div><\/div><\/div><div class=\"event-item  col-md-4 col-sm-6 col-xs-12\"><div class=\"event-item-img\"><a href=\"https:\/\/manos-verdes.org\/wp-content\/uploads\/Bildschirmfoto-2024-03-21-um-17.34.57.png\" data-rel=\"prettyPhoto[gallery1]\" class=\"event-img-link\" title=\"23.3.2024 &#8211; Earth Hour 2024 &#8211; Deine Stunde f\u00fcr die Erde\"><img loading=\"lazy\" decoding=\"async\" class=\"img-responsive\" src=\"https:\/\/manos-verdes.org\/wp-content\/uploads\/Bildschirmfoto-2024-03-21-um-17.34.57-1000x695.png\" width=\"1000\" height=\"695\" alt=\"23.3.2024 &#8211; Earth Hour 2024 &#8211; Deine Stunde f\u00fcr die Erde\" \/><\/a><\/div><div class=\"event-content-wrapper\"><h4 class=\"grid-event-title\"><a href=\"https:\/\/manos-verdes.org\/de\/event\/23-3-2024-earth-hour-2024-deine-stunde-fuer-die-erde\/\" title=\"23.3.2024 &#8211; Earth Hour 2024 &#8211; Deine Stunde f\u00fcr die Erde\">23.3.2024 &#8211; Earth Hour 2024 &#8211; Deine Stunde f\u00fcr die Erde<\/a><\/h4><div class=\"event-short-description\"><h6 class=\"organiser-name\">WWF , <\/div><h5 class=\"grid-event-date\"><span class=\"event-date\"> <i class=\"fa fa-calendar\"><\/i> S\u00e1b 23 Mar 2024<\/span><span class=\"event-time\"> <i class=\"fa fa-clock-o\"><\/i> 20:30 - 21:30 (CET)<\/span> <\/h5><div class=\"grid-event-excerpts\"><p>Wie jedes Jahr findet am 23. M\u00e4rz 2024 die Earth Hour statt. Bereits zum 18.<\/p><\/div><div class=\"grid-event-button\"><a href=\"https:\/\/manos-verdes.org\/de\/event\/23-3-2024-earth-hour-2024-deine-stunde-fuer-die-erde\/\" class=\"btn btn-more\" title=\"23.3.2024 &#8211; Earth Hour 2024 &#8211; Deine Stunde f\u00fcr die Erde\">Mehr Info<\/a><\/div><\/div><\/div><div class=\"event-item  col-md-4 col-sm-6 col-xs-12\"><div class=\"event-item-img\"><a href=\"https:\/\/manos-verdes.org\/wp-content\/uploads\/ClimateTalk-Kopie.png\" data-rel=\"prettyPhoto[gallery1]\" class=\"event-img-link\" title=\"20.12.23 &#8211; Climate Talk zur COP 28 an der Hochschule Augsburg\"><img loading=\"lazy\" decoding=\"async\" class=\"img-responsive\" src=\"https:\/\/manos-verdes.org\/wp-content\/uploads\/ClimateTalk-Kopie-981x695.png\" width=\"981\" height=\"695\" alt=\"20.12.23 &#8211; Climate Talk zur COP 28 an der Hochschule Augsburg\" \/><\/a><\/div><div class=\"event-content-wrapper\"><h4 class=\"grid-event-title\"><a href=\"https:\/\/manos-verdes.org\/de\/event\/20-12-23-climate-talk-zur-cop-28-an-der-hochschule-augsburg\/\" title=\"20.12.23 &#8211; Climate Talk zur COP 28 an der Hochschule Augsburg\">20.12.23 &#8211; Climate Talk zur COP 28 an der Hochschule Augsburg<\/a><\/h4><div class=\"event-short-description\"><h6 class=\"organiser-name\">Manos Verdes Deutschland e.V., <span class=\"organiser-designation\">Hochschule Augsburg<\/span><\/h6><\/div><h5 class=\"grid-event-date\"><span class=\"event-date\"> <i class=\"fa fa-calendar\"><\/i> Mi\u00e9 20 Dic 2023<\/span><span class=\"event-time\"> <i class=\"fa fa-clock-o\"><\/i> 11:40 Uhr  - 14:00 Uhr (CET)<\/span> <\/h5><div class=\"grid-event-excerpts\"><p>Im Nachgang zur Klimakonferenz COP 28 tauschen wir uns aus \u00fcber die erzielten Ergebnisse, sowie<\/p><\/div><\/div><\/div><div class=\"event-item  col-md-4 col-sm-6 col-xs-12\"><div class=\"event-item-img\"><a href=\"https:\/\/manos-verdes.org\/wp-content\/uploads\/InstaPost_1080x1080.jpg\" data-rel=\"prettyPhoto[gallery1]\" class=\"event-img-link\" title=\"6. bis 8. Mai: Wir pr\u00e4sentieren uns auf der WI-LA 2022 in Aichach\"><img loading=\"lazy\" decoding=\"async\" class=\"img-responsive\" src=\"https:\/\/manos-verdes.org\/wp-content\/uploads\/InstaPost_1080x1080-1000x695.jpg\" width=\"1000\" height=\"695\" alt=\"6. bis 8. Mai: Wir pr\u00e4sentieren uns auf der WI-LA 2022 in Aichach\" \/><\/a><\/div><div class=\"event-content-wrapper\"><h4 class=\"grid-event-title\"><a href=\"https:\/\/manos-verdes.org\/de\/event\/8696\/\" title=\"6. bis 8. Mai: Wir pr\u00e4sentieren uns auf der WI-LA 2022 in Aichach\">6. bis 8. Mai: Wir pr\u00e4sentieren uns auf der WI-LA 2022 in Aichach<\/a><\/h4><div class=\"event-short-description\"><h6 class=\"organiser-name\">Boehme event Marketing GmbH, <span class=\"organiser-designation\">Manos Verdes Deutschland e.V.<\/span><\/h6><\/div><h5 class=\"grid-event-date\"><span class=\"event-date\"> <i class=\"fa fa-calendar\"><\/i> Vie 6 May 2022<\/span><span class=\"event-time\"> <i class=\"fa fa-clock-o\"><\/i> 13:00 - 18:00 Uhr<\/span> <\/h5><div class=\"grid-event-excerpts\"><p>Das Jahr 2022 hat wieder mit Live-Veranstaltungen begonnen. Wir sind dieses Mal dabei auf der<\/p><\/div><div class=\"grid-event-button\"><a target=\"_blank\" href=\"http:\/\/www.wi-la.de\" class=\"btn btn-more\" title=\"6. bis 8. Mai: Wir pr\u00e4sentieren uns auf der WI-LA 2022 in Aichach\">Mehr Infos<\/a><\/div><\/div><\/div><div class=\"event-item  col-md-4 col-sm-6 col-xs-12\"><div class=\"event-item-img\"><a href=\"https:\/\/manos-verdes.org\/wp-content\/uploads\/ADOPT-THE-WORLD-NOV.-9-1530-ARG-1930-GER-Portada-para-Facebook.jpg\" data-rel=\"prettyPhoto[gallery1]\" class=\"event-img-link\" title=\"9.11. &#8211; #BerlinScienceWeek: Pr\u00e4sentation Adopt the World\"><img loading=\"lazy\" decoding=\"async\" class=\"img-responsive\" src=\"https:\/\/manos-verdes.org\/wp-content\/uploads\/ADOPT-THE-WORLD-NOV.-9-1530-ARG-1930-GER-Portada-para-Facebook-1000x695.jpg\" width=\"1000\" height=\"695\" alt=\"9.11. &#8211; #BerlinScienceWeek: Pr\u00e4sentation Adopt the World\" \/><\/a><\/div><div class=\"event-content-wrapper\"><h4 class=\"grid-event-title\"><a href=\"https:\/\/manos-verdes.org\/de\/event\/9-11-berlinscienceweek-praesentation-adopt-the-world\/\" title=\"9.11. &#8211; #BerlinScienceWeek: Pr\u00e4sentation Adopt the World\">9.11. &#8211; #BerlinScienceWeek: Pr\u00e4sentation Adopt the World<\/a><\/h4><div class=\"event-short-description\"><h6 class=\"organiser-name\">Berlin Science Week, <span class=\"organiser-designation\">Manos Verdes Deutschland e.V.<\/span><\/h6><\/div><h5 class=\"grid-event-date\"><span class=\"event-date\"> <i class=\"fa fa-calendar\"><\/i> Mar 9 Nov 2021<\/span><span class=\"event-time\"> <i class=\"fa fa-clock-o\"><\/i> 19:30 Uhr \/ CET (Berlin)<\/span> <\/h5><div class=\"grid-event-excerpts\"><p>Im Rahmen der diesj\u00e4hrigen Veranstaltung #BerlinScienceWeek haben wir die Ehre mit der Pr\u00e4sentation des Projektes<\/p><\/div><div class=\"grid-event-button\"><a target=\"_blank\" href=\"https:\/\/berlinscienceweek.com\/event\/adopt-the-world-the-biosphere-project\/\" class=\"btn btn-more\" title=\"9.11. &#8211; #BerlinScienceWeek: Pr\u00e4sentation Adopt the World\">Join us here!<\/a><\/div><\/div><\/div><div class=\"event-item  col-md-4 col-sm-6 col-xs-12\"><div class=\"event-item-img\"><a href=\"https:\/\/manos-verdes.org\/wp-content\/uploads\/Bildschirmfoto-2021-10-12-um-14.09.19.png\" data-rel=\"prettyPhoto[gallery1]\" class=\"event-img-link\" title=\"18.10 &#8211; Vortrag Forum Eine Welt, Augsburg: &#8222;Ern\u00e4hrung weltweit zukunftssicher machen!&#8220;\"><img loading=\"lazy\" decoding=\"async\" class=\"img-responsive\" src=\"https:\/\/manos-verdes.org\/wp-content\/uploads\/Bildschirmfoto-2021-10-12-um-14.09.19-1000x695.png\" width=\"1000\" height=\"695\" alt=\"18.10 &#8211; Vortrag Forum Eine Welt, Augsburg: &#8222;Ern\u00e4hrung weltweit zukunftssicher machen!&#8220;\" \/><\/a><\/div><div class=\"event-content-wrapper\"><h4 class=\"grid-event-title\"><a href=\"https:\/\/manos-verdes.org\/de\/event\/18-10-vortrag-forum-eine-welt-ernaehrung-weltweit-zukunftssicher-machen\/\" title=\"18.10 &#8211; Vortrag Forum Eine Welt, Augsburg: &#8222;Ern\u00e4hrung weltweit zukunftssicher machen!&#8220;\">18.10 &#8211; Vortrag Forum Eine Welt, Augsburg: &#8222;Ern\u00e4hrung weltweit zukunftssicher machen!&#8220;<\/a><\/h4><div class=\"event-short-description\"><h6 class=\"organiser-name\">Lokale Agenda Augsburg, <span class=\"organiser-designation\">Forum Eine Welt<\/span><\/h6><\/div><h5 class=\"grid-event-date\"><span class=\"event-date\"> <i class=\"fa fa-calendar\"><\/i> Lun 18 Oct 2021<\/span><span class=\"event-time\"> <i class=\"fa fa-clock-o\"><\/i> 19:30 Uhr \/ CEST<\/span> <\/h5><div class=\"grid-event-excerpts\"><p>Zum Internationalen Tag der Weltern\u00e4hrung, oder auch Welthungertag, der j\u00e4hrlich am 16.10. stattfindet, organisiert am<\/p><\/div><\/div><\/div><div class=\"event-item  col-md-4 col-sm-6 col-xs-12\"><div class=\"event-item-img\"><a href=\"https:\/\/manos-verdes.org\/wp-content\/uploads\/ConferenceUBA_CCAC_IG_Titel.png\" data-rel=\"prettyPhoto[gallery1]\" class=\"event-img-link\" title=\"29.\/30.9. &#8211; Konferenz Klimaschutz &#038; Abfallwirtschaft in Berlin\"><img loading=\"lazy\" decoding=\"async\" class=\"img-responsive\" src=\"https:\/\/manos-verdes.org\/wp-content\/uploads\/ConferenceUBA_CCAC_IG_Titel.png\" width=\"480\" height=\"471\" alt=\"29.\/30.9. &#8211; Konferenz Klimaschutz &#038; Abfallwirtschaft in Berlin\" \/><\/a><\/div><div class=\"event-content-wrapper\"><h4 class=\"grid-event-title\"><a href=\"https:\/\/manos-verdes.org\/de\/event\/29-30-9-konferenz-klimaschutz-abfallwirtschaft-in-berlin\/\" title=\"29.\/30.9. &#8211; Konferenz Klimaschutz &#038; Abfallwirtschaft in Berlin\">29.\/30.9. &#8211; Konferenz Klimaschutz &#038; Abfallwirtschaft in Berlin<\/a><\/h4><div class=\"event-short-description\"><h6 class=\"organiser-name\">Umweltbundesamt, <span class=\"organiser-designation\">Fundaci\u00f3n Manos Verdes<\/span><\/h6><\/div><h5 class=\"grid-event-date\"><span class=\"event-date\"> <i class=\"fa fa-calendar\"><\/i> Mi\u00e9 29 Sep 2021<\/span><span class=\"event-time\"> <i class=\"fa fa-clock-o\"><\/i> 09:00 CEST<\/span> <\/h5><div class=\"grid-event-excerpts\"><p>Am 29. und 30. September 2021 organisiert das deutsche Umweltbundesamt mit Unterst\u00fctzung des Bundesumweltministeriums in<\/p><\/div><div class=\"grid-event-button\"><a target=\"_blank\" href=\"https:\/\/us02web.zoom.us\/meeting\/register\/tZcvd--trj4oGNyH07htKbQSycCTM_onx2ww\" class=\"btn btn-more\" title=\"29.\/30.9. &#8211; Konferenz Klimaschutz &#038; Abfallwirtschaft in Berlin\">Registrierung hier<\/a><\/div><\/div><\/div><div class=\"event-item  col-md-4 col-sm-6 col-xs-12\"><div class=\"event-item-img\"><a href=\"https:\/\/manos-verdes.org\/wp-content\/uploads\/Bildschirmfoto-2021-09-06-um-20.19.33.png\" data-rel=\"prettyPhoto[gallery1]\" class=\"event-img-link\" title=\"10\/9 &#8211; ARS Electr\u00f3nica 2021 &#8211; Adopt the World mit Joaquin Fargas\"><img loading=\"lazy\" decoding=\"async\" class=\"img-responsive\" src=\"https:\/\/manos-verdes.org\/wp-content\/uploads\/Bildschirmfoto-2021-09-06-um-20.19.33-1000x695.png\" width=\"1000\" height=\"695\" alt=\"10\/9 &#8211; ARS Electr\u00f3nica 2021 &#8211; Adopt the World mit Joaquin Fargas\" \/><\/a><\/div><div class=\"event-content-wrapper\"><h4 class=\"grid-event-title\"><a href=\"https:\/\/manos-verdes.org\/de\/event\/10-9-ars-electronica-2021-adopt-the-world-mit-joaquin-fargas\/\" title=\"10\/9 &#8211; ARS Electr\u00f3nica 2021 &#8211; Adopt the World mit Joaquin Fargas\">10\/9 &#8211; ARS Electr\u00f3nica 2021 &#8211; Adopt the World mit Joaquin Fargas<\/a><\/h4><div class=\"event-short-description\"><h6 class=\"organiser-name\">ARS Electr\u00f3nica, <span class=\"organiser-designation\">Fundaci\u00f3n Manos Verdes<\/span><\/h6><\/div><h5 class=\"grid-event-date\"><span class=\"event-date\"> <i class=\"fa fa-calendar\"><\/i> Vie 10 Sep 2021<\/span><span class=\"event-time\"> <i class=\"fa fa-clock-o\"><\/i> 10:00 ARG \/ 15:00 CEST<\/span> <\/h5><div class=\"grid-event-excerpts\"><p>Von 8. bis 12. September wird die Ars Electronica 2021, das Festival f\u00fcr Kunst, Technologie<\/p><\/div><div class=\"grid-event-button\"><a target=\"_blank\" href=\"https:\/\/ars.electronica.art\/newdigitaldeal\/de\/tickets\/#online\" class=\"btn btn-more\" title=\"10\/9 &#8211; ARS Electr\u00f3nica 2021 &#8211; Adopt the World mit Joaquin Fargas\">Tickets hier<\/a><\/div><\/div><\/div><div class=\"event-item  col-md-4 col-sm-6 col-xs-12\"><div class=\"event-item-img\"><a href=\"https:\/\/manos-verdes.org\/wp-content\/uploads\/Small-Einladung-Poster-Vortrag-Plastikfrei-22.7.2021-1.jpg\" data-rel=\"prettyPhoto[gallery1]\" class=\"event-img-link\" title=\"22\/7 &#8211; Online Seminar: Sommer, Sonne, Plastikfrei\"><img loading=\"lazy\" decoding=\"async\" class=\"img-responsive\" src=\"https:\/\/manos-verdes.org\/wp-content\/uploads\/Small-Einladung-Poster-Vortrag-Plastikfrei-22.7.2021-1-1000x608.jpg\" width=\"1000\" height=\"608\" alt=\"22\/7 &#8211; Online Seminar: Sommer, Sonne, Plastikfrei\" \/><\/a><\/div><div class=\"event-content-wrapper\"><h4 class=\"grid-event-title\"><a href=\"https:\/\/manos-verdes.org\/de\/event\/22-7-online-seminar-sommer-sonne-plastikfrei\/\" title=\"22\/7 &#8211; Online Seminar: Sommer, Sonne, Plastikfrei\">22\/7 &#8211; Online Seminar: Sommer, Sonne, Plastikfrei<\/a><\/h4><div class=\"event-short-description\"><span class=\"organiser-designation\">Manos Verdes Deutschland e.V.<\/span><\/h6><\/div><h5 class=\"grid-event-date\"><span class=\"event-date\"> <i class=\"fa fa-calendar\"><\/i> Jue 22 Jul 2021<\/span><span class=\"event-time\"> <i class=\"fa fa-clock-o\"><\/i> 19:00 CEST (Berlin) \/ 14:00 hs ARG (Buenos Aires)<\/span> <\/h5><div class=\"grid-event-excerpts\"><p>Sommer, Sonne, Plastikfrei! Sommerfreuden sind h\u00e4ufig mit viel Plastik verbunden. Angefangen von den Schwimmutensilien, Mikroplastik<\/p><\/div><div class=\"grid-event-button\"><a target=\"_blank\" href=\"https:\/\/bit.ly\/3hYGr98\" class=\"btn btn-more\" title=\"22\/7 &#8211; Online Seminar: Sommer, Sonne, Plastikfrei\">Jetzt anmelden!<\/a><\/div><\/div><\/div><div class=\"event-item  col-md-4 col-sm-6 col-xs-12\"><div class=\"event-item-img\"><a href=\"https:\/\/manos-verdes.org\/wp-content\/uploads\/IMG_0467.jpg\" data-rel=\"prettyPhoto[gallery1]\" class=\"event-img-link\" title=\"7\/6 &#8211; Pr\u00e4sentation des Abfallleitfadens f\u00fcr die Stadt Bariloche\"><img loading=\"lazy\" decoding=\"async\" class=\"img-responsive\" src=\"https:\/\/manos-verdes.org\/wp-content\/uploads\/IMG_0467-1000x592.jpg\" width=\"1000\" height=\"592\" alt=\"7\/6 &#8211; Pr\u00e4sentation des Abfallleitfadens f\u00fcr die Stadt Bariloche\" \/><\/a><\/div><div class=\"event-content-wrapper\"><h4 class=\"grid-event-title\"><a href=\"https:\/\/manos-verdes.org\/de\/event\/recycling-plastic-bottle\/\" title=\"7\/6 &#8211; Pr\u00e4sentation des Abfallleitfadens f\u00fcr die Stadt Bariloche\">7\/6 &#8211; Pr\u00e4sentation des Abfallleitfadens f\u00fcr die Stadt Bariloche<\/a><\/h4><div class=\"event-short-description\"><span class=\"organiser-designation\">Fundaci\u00f3n Manos Verdes<\/span><\/h6><\/div><h5 class=\"grid-event-date\"><span class=\"event-date\"> <i class=\"fa fa-calendar\"><\/i> Lun 7 Jun 2021<\/span><span class=\"event-time\"> <i class=\"fa fa-clock-o\"><\/i> 16:00 pm - Argentina<\/span> <\/h5><div class=\"grid-event-excerpts\"><p>Am Montag den 7. Juni pr\u00e4sentiert Verena B\u00f6hme gemeinsam mit dem B\u00fcrgermeister der Stadt San<\/p><\/div><\/div><\/div><div class=\"event-item  col-md-4 col-sm-6 col-xs-12\"><div class=\"event-item-img\"><a href=\"https:\/\/manos-verdes.org\/wp-content\/uploads\/WhatsApp-Image-2021-06-03-at-12.51.17.jpeg\" data-rel=\"prettyPhoto[gallery1]\" class=\"event-img-link\" title=\"5. Juni 2021 &#8211; Internationaler Tag der Umwelt\"><img loading=\"lazy\" decoding=\"async\" class=\"img-responsive\" src=\"https:\/\/manos-verdes.org\/wp-content\/uploads\/WhatsApp-Image-2021-06-03-at-12.51.17-1000x695.jpeg\" width=\"1000\" height=\"695\" alt=\"5. Juni 2021 &#8211; Internationaler Tag der Umwelt\" \/><\/a><\/div><div class=\"event-content-wrapper\"><h4 class=\"grid-event-title\"><a href=\"https:\/\/manos-verdes.org\/de\/event\/green-construction-practice\/\" title=\"5. Juni 2021 &#8211; Internationaler Tag der Umwelt\">5. Juni 2021 &#8211; Internationaler Tag der Umwelt<\/a><\/h4><div class=\"event-short-description\"><\/div><h5 class=\"grid-event-date\"><span class=\"event-date\"> <i class=\"fa fa-calendar\"><\/i> S\u00e1b 5 Jun 2021<\/span><span class=\"event-time\"> <i class=\"fa fa-clock-o\"><\/i> 16:00 pm - Argentina<\/span> <\/h5><div class=\"grid-event-excerpts\"><p>Im Rahmen des j\u00e4hrlich wiederkehrenden Internationalen Tags der Umwelt, laden wir Interessierte Teilnehmer ein zu<\/p><\/div><div class=\"grid-event-button\"><a target=\"_blank\" href=\"https:\/\/bit.ly\/2SUac21\" class=\"btn btn-more\" title=\"5. Juni 2021 &#8211; Internationaler Tag der Umwelt\">Jetzt teilnehmen!<\/a><\/div><\/div><\/div><\/div><\/div>[\/vc_column][\/vc_row]<\/p>\n<\/div>","protected":false},"excerpt":{"rendered":"<p>[vc_row][vc_column][\/vc_column][\/vc_row]<\/p>\n","protected":false},"author":3,"featured_media":7181,"parent":6745,"menu_order":0,"comment_status":"closed","ping_status":"closed","template":"template-fullwidth.php","meta":{"footnotes":""},"class_list":["post-6759","page","type-page","status-publish","has-post-thumbnail","hentry"],"_links":{"self":[{"href":"https:\/\/manos-verdes.org\/de\/wp-json\/wp\/v2\/pages\/6759","targetHints":{"allow":["GET"]}}],"collection":[{"href":"https:\/\/manos-verdes.org\/de\/wp-json\/wp\/v2\/pages"}],"about":[{"href":"https:\/\/manos-verdes.org\/de\/wp-json\/wp\/v2\/types\/page"}],"author":[{"embeddable":true,"href":"https:\/\/manos-verdes.org\/de\/wp-json\/wp\/v2\/users\/3"}],"replies":[{"embeddable":true,"href":"https:\/\/manos-verdes.org\/de\/wp-json\/wp\/v2\/comments?post=6759"}],"version-history":[{"count":0,"href":"https:\/\/manos-verdes.org\/de\/wp-json\/wp\/v2\/pages\/6759\/revisions"}],"up":[{"embeddable":true,"href":"https:\/\/manos-verdes.org\/de\/wp-json\/wp\/v2\/pages\/6745"}],"wp:featuredmedia":[{"embeddable":true,"href":"https:\/\/manos-verdes.org\/de\/wp-json\/wp\/v2\/media\/7181"}],"wp:attachment":[{"href":"https:\/\/manos-verdes.org\/de\/wp-json\/wp\/v2\/media?parent=6759"}],"curies":[{"name":"wp","href":"https:\/\/api.w.org\/{rel}","templated":true}]}}